{"id":5391,"date":"2024-04-30T13:13:35","date_gmt":"2024-04-30T11:13:35","guid":{"rendered":"https:\/\/onlinebikerental.com\/?post_type=product&#038;p=5391"},"modified":"2024-05-08T21:14:16","modified_gmt":"2024-05-08T19:14:16","slug":"alquiler-berria-belador-6-1","status":"publish","type":"product","link":"https:\/\/onlinebikerental.com\/es\/alquiler-de-bicicletas-torrevieja\/alquiler-berria-belador-6-1\/","title":{"rendered":"Alquiler &#8211; Berria Belador 6.1 Talla: L <div class=\"booqable-product-button\" data-id=\"berria-belador-6-1-l\"><\/div>"},"content":{"rendered":"<h4><strong>TECNOLOG\u00cdAS<\/strong><\/h4>\n<div class=\"elementor-section elementor-element elementor-element-ghlskdv elementor-top-section elementor-section-stretched elementor-section-boxed elementor-section-height-default elementor-section-height-default elementor-reverse-mobile\" data-element_type=\"section\">\n<div class=\"elementor-container elementor-column-gap-default\">\n<div class=\"elementor-row\">\n<div class=\"elementor-column elementor-element elementor-element-mesgx98 elementor-col-50 elementor-top-column\" data-element_type=\"column\">\n<div class=\"elementor-column-wrap elementor-element-populated\">\n<div class=\"elementor-widget-wrap\">\n<div class=\"elementor-widget elementor-element elementor-element-oppkziu elementor-widget-heading\" data-element_type=\"heading\">\n<div class=\"elementor-widget-container\">\n<p class=\"elementor-heading-title elementor-size-default none\"><strong>KAMM TAIL SECTION<\/strong><\/p>\n<\/div>\n<\/div>\n<div class=\"elementor-widget elementor-element elementor-element-isleaz9 elementor-widget-text-editor\" data-element_type=\"text-editor\">\n<div class=\"elementor-widget-container\">\n<div class=\"elementor-text-editor rte-content\">\n<p>Para lograr la combinaci\u00f3n definitiva de peso ligero, rigidez lateral y rendimiento aerodin\u00e1mico en una naturaleza siempre cambiante, se han desarrollado unos tubos de cuadro \u00fanicos inspirados en el dise\u00f1o Kammback.<\/p>\n<p>Dise\u00f1ados para una \u00f3ptima interacci\u00f3n en todo el conjunto del cuadro, las sofisticadas formas de los tubos de la Belador maximizan la eficiencia, tanto escalando en alta monta\u00f1a, como enfrent\u00e1ndote a vientos cruzados en llano, o esprintando al final de una etapa.<\/p>\n<p><img loading=\"lazy\" decoding=\"async\" src=\"https:\/\/privado.bicimarket.com\/\/uploads\/product\/description\/74c61cbeba9018722e1d7265d8ce145a.jpeg\" alt=\"\" width=\"600\" height=\"315\" \/><\/p>\n<\/div>\n<\/div>\n<\/div>\n<\/div>\n<\/div>\n<\/div>\n<\/div>\n<\/div>\n<\/div>\n<div class=\"elementor-section elementor-element elementor-element-ocoadag elementor-top-section elementor-section-stretched elementor-section-boxed elementor-section-height-default elementor-section-height-default\" data-element_type=\"section\">\n<div class=\"elementor-container elementor-column-gap-default\">\n<div class=\"elementor-row\">\n<div class=\"elementor-column elementor-element elementor-element-yfm7csb elementor-col-50 elementor-top-column\" data-element_type=\"column\">\n<div class=\"elementor-column-wrap elementor-element-populated\">\n<div class=\"elementor-widget-wrap\">\n<div class=\"elementor-widget elementor-element elementor-element-kf1fsa6 elementor-widget-heading\" data-element_type=\"heading\">\n<div class=\"elementor-widget-container\">\n<h2 class=\"elementor-heading-title elementor-size-xxl none\"><\/h2>\n<p class=\"elementor-heading-title elementor-size-xxl none\"><strong>OPTIMIZED AIR PRESSURE<\/strong><\/p>\n<\/div>\n<\/div>\n<div class=\"elementor-widget elementor-element elementor-element-bkoxd8u elementor-widget-text-editor\" data-element_type=\"text-editor\">\n<div class=\"elementor-widget-container\">\n<div class=\"elementor-text-editor rte-content\">\n<p>Uno de los secretos de la aerodin\u00e1mica de la Belador reside en el dise\u00f1o de la conexi\u00f3n cuadro-horquilla. El aire puede circular suavemente a trav\u00e9s de la corona de la horquilla y alrededor del neum\u00e1tico, limitando las turbulencias generadas por las ruedas en movimiento. La baja presi\u00f3n de aire resultante minimiza los v\u00f3rtices desestabilizadores y que inducen a la resistencia en esta zona aerodin\u00e1mica m\u00e1s cr\u00edtica de la bicicleta.<\/p>\n<p><img loading=\"lazy\" decoding=\"async\" src=\"https:\/\/privado.bicimarket.com\/\/uploads\/product\/description\/cb9d8f42e748231aeede722980b0989c.jpeg\" alt=\"\" width=\"600\" height=\"409\" \/><\/p>\n<\/div>\n<\/div>\n<\/div>\n<\/div>\n<\/div>\n<\/div>\n<div class=\"elementor-column elementor-element elementor-element-c39vzem elementor-col-50 elementor-top-column\" data-element_type=\"column\">\n<div class=\"elementor-column-wrap elementor-element-populated\">\n<div class=\"elementor-widget-wrap\">\n<div class=\"elementor-widget elementor-element elementor-element-leh8r7a elementor-widget-spacer\" data-element_type=\"spacer\">\n<div class=\"elementor-widget-container\">\n<div class=\"elementor-spacer\">\n<div class=\"elementor-spacer-inner\"><\/div>\n<\/div>\n<\/div>\n<\/div>\n<\/div>\n<\/div>\n<\/div>\n<\/div>\n<\/div>\n<\/div>\n<div class=\"elementor-section elementor-element elementor-element-vbb8n0p elementor-top-section elementor-section-stretched elementor-section-boxed elementor-section-height-default elementor-section-height-default elementor-reverse-mobile\" data-element_type=\"section\">\n<div class=\"elementor-container elementor-column-gap-default\">\n<div class=\"elementor-row\">\n<div class=\"elementor-column elementor-element elementor-element-j9raujm elementor-col-50 elementor-top-column\" data-element_type=\"column\">\n<div class=\"elementor-column-wrap elementor-element-populated\">\n<div class=\"elementor-widget-wrap\">\n<div class=\"elementor-widget elementor-element elementor-element-jnzrgsd elementor-widget-spacer\" data-element_type=\"spacer\">\n<div class=\"elementor-widget-container\">\n<div class=\"elementor-spacer\">\n<div class=\"elementor-spacer-inner\"><\/div>\n<\/div>\n<\/div>\n<\/div>\n<\/div>\n<\/div>\n<\/div>\n<div class=\"elementor-column elementor-element elementor-element-sd915eu elementor-col-50 elementor-top-column\" data-element_type=\"column\">\n<div class=\"elementor-column-wrap elementor-element-populated\">\n<div class=\"elementor-widget-wrap\">\n<div class=\"elementor-widget elementor-element elementor-element-tfs6fgo elementor-widget-heading\" data-element_type=\"heading\">\n<div class=\"elementor-widget-container\">\n<p class=\"elementor-heading-title elementor-size-default none\"><strong>INTERNAL CABLE SYSTEM<\/strong><\/p>\n<\/div>\n<\/div>\n<div class=\"elementor-widget elementor-element elementor-element-r3ru7rr elementor-widget-text-editor\" data-element_type=\"text-editor\">\n<div class=\"elementor-widget-container\">\n<div class=\"elementor-text-editor rte-content\">\n<p>El dise\u00f1o m\u00e1s reciente del cuadro Belador utiliza sistema de cableado interno ICS2, priorizando la est\u00e9tica limpia y la integraci\u00f3n de componentes que proporcionan directamente el m\u00e1ximo rendimiento.<\/p>\n<p><img loading=\"lazy\" decoding=\"async\" src=\"https:\/\/privado.bicimarket.com\/\/uploads\/product\/description\/49605a6ef7f3934a160b51bee14a52a8.jpeg\" alt=\"\" width=\"600\" height=\"440\" \/><\/p>\n<\/div>\n<\/div>\n<\/div>\n<\/div>\n<\/div>\n<\/div>\n<\/div>\n<\/div>\n<\/div>\n<div class=\"elementor-section elementor-element elementor-element-l3om08t elementor-top-section elementor-section-boxed elementor-section-height-default elementor-section-height-default\" data-element_type=\"section\">\n<div class=\"elementor-container elementor-column-gap-default\">\n<div class=\"elementor-row\">\n<div class=\"elementor-column elementor-element elementor-element-9cacz74 elementor-col-100 elementor-top-column\" data-element_type=\"column\">\n<div class=\"elementor-column-wrap elementor-element-populated\">\n<div class=\"elementor-widget-wrap\">\n<div class=\"elementor-widget elementor-element elementor-element-9itftpb elementor-widget-heading\" data-element_type=\"heading\">\n<div class=\"elementor-widget-container\">\n<h2 class=\"elementor-heading-title elementor-size-xxl none\"><\/h2>\n<p class=\"elementor-heading-title elementor-size-xxl none\"><strong>BERRIA GEOMETRY CONCEPT<\/strong><\/p>\n<\/div>\n<\/div>\n<div class=\"elementor-widget elementor-element elementor-element-0kcmya5 elementor-widget-text-editor\" data-element_type=\"text-editor\">\n<div class=\"elementor-widget-container\">\n<div class=\"elementor-text-editor rte-content\">\n<p>El exclusivo \u00abBerria Geometry Concept\u00bb aborda el dise\u00f1o del cuadro y la geometr\u00eda de forma hol\u00edstica, dando prioridad al rendimiento del ciclista. Mediante una cuidadosa consideraci\u00f3n de innumerables puntos de datos objetivos de ajuste de la bicicleta y los conocimientos recogidos de miles de kil\u00f3metros de pruebas en el mundo real, se garantiza una calidad excepcional, una comodidad optimizada, un manejo emocionante y una funcionalidad predecible en todas las tallas.<\/p>\n<\/div>\n<\/div>\n<\/div>\n<div class=\"elementor-widget elementor-element elementor-element-v6bvgmd elementor-widget-icon-list\" data-element_type=\"icon-list\">\n<div class=\"elementor-widget-container\">\n<ul class=\"elementor-icon-list-items\">\n<li class=\"elementor-icon-list-item\">\u00a0<span class=\"elementor-icon-list-text\">Comportamiento din\u00e1mico y equilibrado<\/span><\/li>\n<li class=\"elementor-icon-list-item\">\u00a0<span class=\"elementor-icon-list-text\">Peso optimizado entre ejes<\/span><\/li>\n<li class=\"elementor-icon-list-item\">\u00a0<span class=\"elementor-icon-list-text\">Centro de gravedad bajo<\/span><\/li>\n<li class=\"elementor-icon-list-item\">\u00a0<span class=\"elementor-icon-list-text\">Alto cumplimiento<\/span><\/li>\n<li class=\"elementor-icon-list-item\">\u00a0<span class=\"elementor-icon-list-text\">Conducci\u00f3n precisa y segura<\/span><\/li>\n<\/ul>\n<\/div>\n<\/div>\n<div class=\"elementor-widget elementor-element elementor-element-oqznh7v elementor-widget-image\" data-element_type=\"image\">\n<div class=\"elementor-widget-container\">\n<div class=\"elementor-image\"><img loading=\"lazy\" decoding=\"async\" src=\"https:\/\/privado.bicimarket.com\/\/uploads\/product\/description\/2425ed794a48f70f0b2f1f232d9d8ca0.jpeg\" alt=\"\" width=\"600\" height=\"339\" \/><\/div>\n<\/div>\n<\/div>\n<\/div>\n<\/div>\n<\/div>\n<\/div>\n<\/div>\n<\/div>\n<div class=\"elementor-section elementor-element elementor-element-ruinjsy elementor-top-section elementor-section-stretched elementor-section-boxed elementor-section-height-default elementor-section-height-default\" data-element_type=\"section\">\n<div class=\"elementor-container elementor-column-gap-default\">\n<div class=\"elementor-row\">\n<div class=\"elementor-column elementor-element elementor-element-dwsjfjg elementor-col-50 elementor-top-column\" data-element_type=\"column\">\n<div class=\"elementor-column-wrap elementor-element-populated\">\n<div class=\"elementor-widget-wrap\">\n<div class=\"elementor-widget elementor-element elementor-element-jmb8o95 elementor-widget-heading\" data-element_type=\"heading\">\n<div class=\"elementor-widget-container\">\n<h2 class=\"elementor-heading-title elementor-size-xxl none\"><\/h2>\n<p class=\"elementor-heading-title elementor-size-xxl none\"><strong>POWER EFFICIENCY<\/strong><\/p>\n<\/div>\n<\/div>\n<div class=\"elementor-widget elementor-element elementor-element-w3kbqci elementor-widget-text-editor\" data-element_type=\"text-editor\">\n<div class=\"elementor-widget-container\">\n<div class=\"elementor-text-editor rte-content\">\n<p>La tecnolog\u00eda \u00abPower Efficiency\u00bb ha dado como resultado una estructura de carbono extremadamente r\u00edgida alrededor del eje de pedalier, que concentra la potencia del ciclista y minimiza la flexi\u00f3n lateral.<\/p>\n<p>El tri\u00e1ngulo trasero presenta unas vainas traseras aplanadas concebidas para obtener una aerodin\u00e1mica limpia, con un dise\u00f1o asim\u00e9trico para equilibrar las fuerzas a trav\u00e9s de la transmisi\u00f3n y del lado opuesto a ella.<\/p>\n<p>Cada tubo est\u00e1 optimizado para mejorar la estabilidad aerodin\u00e1mica y minimizar la p\u00e9rdida de energ\u00eda.<\/p>\n<\/div>\n<\/div>\n<\/div>\n<\/div>\n<\/div>\n<\/div>\n<div class=\"elementor-column elementor-element elementor-element-3l8w0l3 elementor-col-50 elementor-top-column\" data-element_type=\"column\">\n<div class=\"elementor-column-wrap elementor-element-populated\">\n<div class=\"elementor-widget-wrap\">\n<div class=\"elementor-widget elementor-element elementor-element-jr54zic elementor-widget-spacer\" data-element_type=\"spacer\">\n<div class=\"elementor-widget-container\">\n<div class=\"elementor-spacer\">\n<div class=\"elementor-spacer-inner\"><img loading=\"lazy\" decoding=\"async\" src=\"https:\/\/privado.bicimarket.com\/\/uploads\/product\/description\/4a1fcf68e388a1d4b9dee91a122bed6b.jpeg\" alt=\"\" width=\"600\" height=\"380\" \/><\/div>\n<\/div>\n<\/div>\n<\/div>\n<\/div>\n<\/div>\n<\/div>\n<\/div>\n<\/div>\n<\/div>\n<div class=\"elementor-section elementor-element elementor-element-k09qsox elementor-top-section elementor-section-stretched elementor-section-boxed elementor-section-height-default elementor-section-height-default elementor-reverse-mobile\" data-element_type=\"section\">\n<div class=\"elementor-container elementor-column-gap-default\">\n<div class=\"elementor-row\">\n<div class=\"elementor-column elementor-element elementor-element-3b43632 elementor-col-50 elementor-top-column\" data-element_type=\"column\">\n<div class=\"elementor-column-wrap elementor-element-populated\">\n<div class=\"elementor-widget-wrap\">\n<div class=\"elementor-widget elementor-element elementor-element-gjraf5t elementor-widget-spacer\" data-element_type=\"spacer\">\n<div class=\"elementor-widget-container\">\n<div class=\"elementor-spacer\">\n<div class=\"elementor-spacer-inner\"><\/div>\n<\/div>\n<\/div>\n<\/div>\n<\/div>\n<\/div>\n<\/div>\n<div class=\"elementor-column elementor-element elementor-element-vhi3f5z elementor-col-50 elementor-top-column\" data-element_type=\"column\">\n<div class=\"elementor-column-wrap elementor-element-populated\">\n<div class=\"elementor-widget-wrap\">\n<div class=\"elementor-widget elementor-element elementor-element-h8yfmsa elementor-widget-heading\" data-element_type=\"heading\">\n<div class=\"elementor-widget-container\">\n<h2 class=\"elementor-heading-title elementor-size-default none\"><\/h2>\n<p class=\"elementor-heading-title elementor-size-default none\"><strong>FLAT MOUNT SYSTEM<\/strong><\/p>\n<\/div>\n<\/div>\n<div class=\"elementor-widget elementor-element elementor-element-1m4yx1w elementor-widget-text-editor\" data-element_type=\"text-editor\">\n<div class=\"elementor-widget-container\">\n<div class=\"elementor-text-editor rte-content\">\n<p>Las pinzas de freno de disco Flat Mount suavizan la conexi\u00f3n entre el cuadro y los frenos. Esta conexi\u00f3n directa aumenta la rigidez general, la potencia de frenado y la modulaci\u00f3n, al tiempo que mejora la confianza en las frenadas fuertes.<\/p>\n<p>Al mismo tiempo, los enganches de eje pasante \u00abQuick Release\u00bb mejoran la facilidad de montaje de las ruedas. Sin necesidad de una llave Allen, su dise\u00f1o sin herramientas cuenta con la simplicidad de los ejes tradicionales Quick release con las ventajas de un sistema de eje pasante.<\/p>\n<p><img loading=\"lazy\" decoding=\"async\" src=\"https:\/\/privado.bicimarket.com\/\/uploads\/product\/description\/ef9c88fb8ad561204cd78e2849cd5330.jpeg\" alt=\"\" width=\"600\" height=\"420\" \/><\/p>\n<p>&nbsp;<\/p>\n<p><strong>ESPECIFICACIONES<\/strong><\/p>\n<table width=\"1870\">\n<tbody>\n<tr>\n<td><strong>Cuadro<\/strong><\/td>\n<td>Belador 5 DISC, Racing Geometry BGC Aero Shape Efficiency (ASE), Full carbon HM2X, Triple monocoque, Resin Matrix Nanotech, BB86 botton bracket, Full internal cable system ICS2, Headset semi integrated OH2S 1-1\/2&#8243;- 1-1\/2&#8243;, Flat Mount System brake, 700&#215;34 maximun tyre, Thru axle 12x142mm Speed Release type, weight 990g<\/td>\n<\/tr>\n<tr>\n<td><strong>Horquilla<\/strong><\/td>\n<td>Belador Blade 5 full carbon fork, internal cable system ICS2, 1-1\/8&#8243; &#8211; 1-1\/2&#8243; Tappered head tube compatible, Flat Mount System brake, 700&#215;34 maximun tyre, Thru axle 12x100mm Speed release system, weight 395g<\/td>\n<\/tr>\n<tr>\n<td><strong>Material<\/strong><\/td>\n<td>Full carbon fiber HM2X<\/td>\n<\/tr>\n<tr>\n<td><strong>Manillar<\/strong><\/td>\n<td>Avanforce AF3 Alloy 6061, wide 400, 420, 440mm, wheight 320g<\/td>\n<\/tr>\n<tr>\n<td><strong>Tija Sillin<\/strong><\/td>\n<td>Belador 5 SP, UD Carbon, 15 mm offset, ISP technology , weight 148g<\/td>\n<\/tr>\n<tr>\n<td><strong>Sillin<\/strong><\/td>\n<td>Selle Italia MODEL X BB FEC, Alloy rails, wide 145mm, length 245mm, weight 315g<\/td>\n<\/tr>\n<tr>\n<td><strong>Patilla<\/strong><\/td>\n<td>Belador 5 R-28<\/td>\n<\/tr>\n<tr>\n<td><strong>Cambio<\/strong><\/td>\n<td>SHIMANO 105 Black RD-R7100-GS 22 Speed<\/td>\n<\/tr>\n<tr>\n<td><strong>Manetas<\/strong><\/td>\n<td>SHIMANO 105 ST-R7120 Disc Dual control 22 Speed<\/td>\n<\/tr>\n<tr>\n<td><strong>Cassette<\/strong><\/td>\n<td>SHIMANO CS-R7100 11-34T<\/td>\n<\/tr>\n<tr>\n<td><strong>Cadena<\/strong><\/td>\n<td>SHIMANO M7100<\/td>\n<\/tr>\n<tr>\n<td><strong>Bielas<\/strong><\/td>\n<td>SHIMANO 105, FC-R7100 Compact Hyperdrive 50x34T, Black, 12 SPEED, 170-172,5-175<\/td>\n<\/tr>\n<tr>\n<td><strong>Frenos<\/strong><\/td>\n<td>\n<div class=\"row cambio\">\n<div class=\"col-14\">\n<p>SHIMANO BR-R7120 Hyd Disc 160\/F and 140\/R SM-RT70 SS Rotor<\/p>\n<\/div>\n<\/div>\n<\/td>\n<\/tr>\n<tr>\n<td><strong>Desviador<\/strong><\/td>\n<td>SHIMANO 105 FD-R7000 Black<\/td>\n<\/tr>\n<tr>\n<td><strong>Neum\u00e1ticos<\/strong><\/td>\n<td>Rubino IV 28-622, Tubeless Ready, GRAPHENE 2.0, weight 270g<\/td>\n<\/tr>\n<tr>\n<td><strong>Ruedas<\/strong><\/td>\n<td>FULCRUM 800 DB, Aluminum, TLR, height 34 mm, internal width 19mm, max. weight 120kg, weight 1960g<\/td>\n<\/tr>\n<\/tbody>\n<\/table>\n<p>&nbsp;<\/p>\n<table width=\"578\">\n<tbody>\n<tr>\n<td width=\"169\"><strong>TALLA DE CUADRO<\/strong><\/td>\n<td width=\"86\">XS<\/td>\n<td width=\"86\">S<\/td>\n<td width=\"86\">M<\/td>\n<td width=\"86\">L<\/td>\n<td width=\"65\">XL<\/td>\n<\/tr>\n<tr>\n<td><strong>ESTATURA (cm)<\/strong><\/td>\n<td>154-165<\/td>\n<td>165-176<\/td>\n<td>176-185<\/td>\n<td>185-192<\/td>\n<td>192<\/td>\n<\/tr>\n<\/tbody>\n<\/table>\n<p>&nbsp;<\/p>\n<\/div>\n<\/div>\n<\/div>\n<\/div>\n<\/div>\n<\/div>\n<\/div>\n<\/div>\n<\/div>\n","protected":false},"excerpt":{"rendered":"<table>\n<tbody>\n<tr>\n<td>1 D\u00eda<\/td>\n<td><span style=\"color: #0080ff;\">| \u20ac40<\/span><\/td>\n<\/tr>\n<tr>\n<td>2 D\u00edas<\/td>\n<td><span style=\"color: #0080ff;\">| \u20ac60<\/span><\/td>\n<\/tr>\n<tr>\n<td>3 D\u00edas<\/td>\n<td><span style=\"color: #0080ff;\">| \u20ac85<\/span><\/td>\n<\/tr>\n<tr>\n<td>4 D\u00edas<\/td>\n<td><span style=\"color: #0080ff;\">| \u20ac105<\/span><\/td>\n<\/tr>\n<tr>\n<td>5 D\u00edas<\/td>\n<td><span style=\"color: #0080ff;\">| \u20ac125<\/span><\/td>\n<\/tr>\n<tr>\n<td>6 D\u00edas<\/td>\n<td><span style=\"color: #0080ff;\">| \u20ac135<\/span><\/td>\n<\/tr>\n<tr>\n<td>7 Days<\/td>\n<td><span style=\"color: #0080ff;\">| \u20ac150<\/span><\/td>\n<\/tr>\n<\/tbody>\n<\/table>\n<p>\u26a0 <span style=\"color: #ff0000;\">Fianza<\/span> \u20ac500<\/p>\n<p>Talla: L<\/p>\n","protected":false},"featured_media":5392,"template":"","meta":[],"product_cat":[268,602],"product_tag":[],"yst_prominent_words":[208],"class_list":{"0":"post-5391","1":"product","2":"type-product","3":"status-publish","4":"has-post-thumbnail","6":"product_cat-alquiler-de-bicicletas","7":"product_cat-alquiler-de-bicicletas-de-carretera","9":"first","10":"instock","11":"shipping-taxable","12":"product-type-simple"},"_links":{"self":[{"href":"https:\/\/onlinebikerental.com\/es\/wp-json\/wp\/v2\/product\/5391","targetHints":{"allow":["GET"]}}],"collection":[{"href":"https:\/\/onlinebikerental.com\/es\/wp-json\/wp\/v2\/product"}],"about":[{"href":"https:\/\/onlinebikerental.com\/es\/wp-json\/wp\/v2\/types\/product"}],"wp:featuredmedia":[{"embeddable":true,"href":"https:\/\/onlinebikerental.com\/es\/wp-json\/wp\/v2\/media\/5392"}],"wp:attachment":[{"href":"https:\/\/onlinebikerental.com\/es\/wp-json\/wp\/v2\/media?parent=5391"}],"wp:term":[{"taxonomy":"product_cat","embeddable":true,"href":"https:\/\/onlinebikerental.com\/es\/wp-json\/wp\/v2\/product_cat?post=5391"},{"taxonomy":"product_tag","embeddable":true,"href":"https:\/\/onlinebikerental.com\/es\/wp-json\/wp\/v2\/product_tag?post=5391"},{"taxonomy":"yst_prominent_words","embeddable":true,"href":"https:\/\/onlinebikerental.com\/es\/wp-json\/wp\/v2\/yst_prominent_words?post=5391"}],"curies":[{"name":"wp","href":"https:\/\/api.w.org\/{rel}","templated":true}]}}